{"id":4719,"date":"2025-08-26T14:59:34","date_gmt":"2025-08-26T12:59:34","guid":{"rendered":"https:\/\/toppenafdanmark.dk\/?page_id=4719"},"modified":"2025-11-24T09:40:37","modified_gmt":"2025-11-24T08:40:37","slug":"first-camp-grenen-strand","status":"publish","type":"page","link":"https:\/\/toppenafdanmark.dk\/en\/first-camp-grenen-strand\/","title":{"rendered":"First Camp Grenen Strand"},"content":{"rendered":"<div data-elementor-type=\"wp-page\" data-elementor-id=\"4719\" class=\"elementor elementor-4719\" data-elementor-post-type=\"page\">\n\t\t\t\t<div class=\"elementor-element elementor-element-1c10db62 e-con-full e-flex e-con e-parent\" data-id=\"1c10db62\" data-element_type=\"container\" data-e-type=\"container\" data-settings=\"{&quot;background_background&quot;:&quot;classic&quot;}\">\n\t\t<div class=\"elementor-element elementor-element-79b0bf1c e-con-full elementor-hidden-mobile e-flex e-con e-child\" data-id=\"79b0bf1c\" data-element_type=\"container\" data-e-type=\"container\" data-settings=\"{&quot;background_background&quot;:&quot;classic&quot;}\">\n\t\t\t\t<\/div>\n\t\t<div class=\"elementor-element elementor-element-1915f05f e-con-full e-flex e-con e-child\" data-id=\"1915f05f\" data-element_type=\"container\" data-e-type=\"container\" data-settings=\"{&quot;background_background&quot;:&quot;classic&quot;}\">\n\t\t\t\t<\/div>\n\t\t<div class=\"elementor-element elementor-element-36238c0a e-con-full elementor-hidden-mobile e-flex e-con e-child\" data-id=\"36238c0a\" data-element_type=\"container\" data-e-type=\"container\" data-settings=\"{&quot;background_background&quot;:&quot;classic&quot;}\">\n\t\t\t\t<\/div>\n\t\t\t\t<\/div>\n\t\t\t\t<section class=\"elementor-section elementor-top-section elementor-element elementor-element-29dce483 elementor-section-boxed elementor-section-height-default elementor-section-height-default\" data-id=\"29dce483\" data-element_type=\"section\" data-e-type=\"section\">\n\t\t\t\t\t\t<div class=\"elementor-container elementor-column-gap-no\">\n\t\t\t\t\t<div class=\"elementor-column elementor-col-100 elementor-top-column elementor-element elementor-element-179bdc7d\" data-id=\"179bdc7d\" data-element_type=\"column\" data-e-type=\"column\">\n\t\t\t<div class=\"elementor-widget-wrap elementor-element-populated\">\n\t\t\t\t\t\t<div class=\"elementor-element elementor-element-342f402c elementor-widget elementor-widget-heading\" data-id=\"342f402c\" data-element_type=\"widget\" data-e-type=\"widget\" data-widget_type=\"heading.default\">\n\t\t\t\t<div class=\"elementor-widget-container\">\n\t\t\t\t\t<h2 class=\"elementor-heading-title elementor-size-default\">First Camp Grenen Strand<\/h2>\t\t\t\t<\/div>\n\t\t\t\t<\/div>\n\t\t\t\t<div class=\"elementor-element elementor-element-41410149 elementor-widget-divider--view-line elementor-widget elementor-widget-divider\" data-id=\"41410149\" data-element_type=\"widget\" data-e-type=\"widget\" data-widget_type=\"divider.default\">\n\t\t\t\t<div class=\"elementor-widget-container\">\n\t\t\t\t\t\t\t<div class=\"elementor-divider\">\n\t\t\t<span class=\"elementor-divider-separator\">\n\t\t\t\t\t\t<\/span>\n\t\t<\/div>\n\t\t\t\t\t\t<\/div>\n\t\t\t\t<\/div>\n\t\t\t\t<div class=\"elementor-element elementor-element-61010a49 elementor-widget elementor-widget-text-editor\" data-id=\"61010a49\" data-element_type=\"widget\" data-e-type=\"widget\" data-widget_type=\"text-editor.default\">\n\t\t\t\t<div class=\"elementor-widget-container\">\n\t\t\t\t\t\t\t\t\t<h2>Natural location close to Skagen and Grenen<\/h2><p>First Camp Grenen Strand is located in the heart of the North Jutland nature, just minutes from the charming city life of Skagen and the iconic Grenen, where the Kattegat and Skagerrak meet. This unique location makes the site an ideal starting point for both relaxation and activities. Surrounded by dunes, mare straw and forest, you can wake up to the sound of the waves and the fresh sea air, while the long beaches invite you for morning runs, swimming and cosy walks. The area around the campsite is rich in experiences - from cycling routes through plantations and bird-rich areas to museums, art galleries and cosy eateries in Skagen.<\/p><p>First Camp Grenen Strand is created for nature lovers who want to combine the freedom of camping with a short distance to attractions such as the Skagen Museum, the Church of Our Lady and of course the top of Denmark, Grenen.<\/p>\t\t\t\t\t\t\t\t<\/div>\n\t\t\t\t<\/div>\n\t\t\t\t<section class=\"elementor-section elementor-inner-section elementor-element elementor-element-1343849a elementor-section-boxed elementor-section-height-default elementor-section-height-default\" data-id=\"1343849a\" data-element_type=\"section\" data-e-type=\"section\">\n\t\t\t\t\t\t<div class=\"elementor-container elementor-column-gap-no\">\n\t\t\t\t\t<div class=\"elementor-column elementor-col-50 elementor-inner-column elementor-element elementor-element-357145ed\" data-id=\"357145ed\" data-element_type=\"column\" data-e-type=\"column\">\n\t\t\t<div class=\"elementor-widget-wrap elementor-element-populated\">\n\t\t\t\t\t\t<div class=\"elementor-element elementor-element-a27ddc elementor-widget elementor-widget-image\" data-id=\"a27ddc\" data-element_type=\"widget\" data-e-type=\"widget\" data-widget_type=\"image.default\">\n\t\t\t\t<div class=\"elementor-widget-container\">\n\t\t\t\t\t\t\t\t\t\t\t\t\t\t\t<img fetchpriority=\"high\" decoding=\"async\" data-attachment-id=\"4741\" data-permalink=\"https:\/\/toppenafdanmark.dk\/en\/first-camp-grenen-strand\/1024x1024-reception-4\/\" data-orig-file=\"https:\/\/i0.wp.com\/toppenafdanmark.dk\/wp-content\/uploads\/2025\/08\/1024x1024-Reception-3.webp?fit=1024%2C1024&amp;ssl=1\" data-orig-size=\"1024,1024\" data-comments-opened=\"0\" data-image-meta=\"{&quot;aperture&quot;:&quot;0&quot;,&quot;credit&quot;:&quot;&quot;,&quot;camera&quot;:&quot;&quot;,&quot;caption&quot;:&quot;&quot;,&quot;created_timestamp&quot;:&quot;0&quot;,&quot;copyright&quot;:&quot;&quot;,&quot;focal_length&quot;:&quot;0&quot;,&quot;iso&quot;:&quot;0&quot;,&quot;shutter_speed&quot;:&quot;0&quot;,&quot;title&quot;:&quot;&quot;,&quot;orientation&quot;:&quot;0&quot;}\" data-image-title=\"1024&amp;#215;1024 Reception\" data-image-description=\"\" data-image-caption=\"\" data-large-file=\"https:\/\/i0.wp.com\/toppenafdanmark.dk\/wp-content\/uploads\/2025\/08\/1024x1024-Reception-3.webp?fit=800%2C800&amp;ssl=1\" width=\"800\" height=\"800\" src=\"https:\/\/i0.wp.com\/toppenafdanmark.dk\/wp-content\/uploads\/2025\/08\/1024x1024-Reception-3.webp?fit=800%2C800&amp;ssl=1\" class=\"attachment-large size-large wp-image-4741\" alt=\"\" srcset=\"https:\/\/i0.wp.com\/toppenafdanmark.dk\/wp-content\/uploads\/2025\/08\/1024x1024-Reception-3.webp?w=1024&amp;ssl=1 1024w, https:\/\/i0.wp.com\/toppenafdanmark.dk\/wp-content\/uploads\/2025\/08\/1024x1024-Reception-3.webp?resize=300%2C300&amp;ssl=1 300w, https:\/\/i0.wp.com\/toppenafdanmark.dk\/wp-content\/uploads\/2025\/08\/1024x1024-Reception-3.webp?resize=150%2C150&amp;ssl=1 150w, https:\/\/i0.wp.com\/toppenafdanmark.dk\/wp-content\/uploads\/2025\/08\/1024x1024-Reception-3.webp?resize=768%2C768&amp;ssl=1 768w, https:\/\/i0.wp.com\/toppenafdanmark.dk\/wp-content\/uploads\/2025\/08\/1024x1024-Reception-3.webp?resize=12%2C12&amp;ssl=1 12w\" sizes=\"(max-width: 800px) 100vw, 800px\" \/>\t\t\t\t\t\t\t\t\t\t\t\t\t\t\t<\/div>\n\t\t\t\t<\/div>\n\t\t\t\t\t<\/div>\n\t\t<\/div>\n\t\t\t\t<div class=\"elementor-column elementor-col-50 elementor-inner-column elementor-element elementor-element-2b3bd22d\" data-id=\"2b3bd22d\" data-element_type=\"column\" data-e-type=\"column\">\n\t\t\t<div class=\"elementor-widget-wrap elementor-element-populated\">\n\t\t\t\t\t\t<div class=\"elementor-element elementor-element-4d1d2d3e elementor-widget elementor-widget-image\" data-id=\"4d1d2d3e\" data-element_type=\"widget\" data-e-type=\"widget\" data-widget_type=\"image.default\">\n\t\t\t\t<div class=\"elementor-widget-container\">\n\t\t\t\t\t\t\t\t\t\t\t\t\t\t\t<img decoding=\"async\" data-attachment-id=\"4742\" data-permalink=\"https:\/\/toppenafdanmark.dk\/en\/first-camp-grenen-strand\/1024x1024-first-camp-grenen-view-over-plads\/\" data-orig-file=\"https:\/\/i0.wp.com\/toppenafdanmark.dk\/wp-content\/uploads\/2025\/08\/1024x1024-First-Camp-Grenen-view-over-plads.webp?fit=1024%2C1024&amp;ssl=1\" data-orig-size=\"1024,1024\" data-comments-opened=\"0\" data-image-meta=\"{&quot;aperture&quot;:&quot;0&quot;,&quot;credit&quot;:&quot;&quot;,&quot;camera&quot;:&quot;&quot;,&quot;caption&quot;:&quot;&quot;,&quot;created_timestamp&quot;:&quot;0&quot;,&quot;copyright&quot;:&quot;&quot;,&quot;focal_length&quot;:&quot;0&quot;,&quot;iso&quot;:&quot;0&quot;,&quot;shutter_speed&quot;:&quot;0&quot;,&quot;title&quot;:&quot;&quot;,&quot;orientation&quot;:&quot;0&quot;}\" data-image-title=\"1024&amp;#215;1024 First Camp Grenen view over plads\" data-image-description=\"\" data-image-caption=\"\" data-large-file=\"https:\/\/i0.wp.com\/toppenafdanmark.dk\/wp-content\/uploads\/2025\/08\/1024x1024-First-Camp-Grenen-view-over-plads.webp?fit=800%2C800&amp;ssl=1\" width=\"800\" height=\"800\" src=\"https:\/\/i0.wp.com\/toppenafdanmark.dk\/wp-content\/uploads\/2025\/08\/1024x1024-First-Camp-Grenen-view-over-plads.webp?fit=800%2C800&amp;ssl=1\" class=\"attachment-large size-large wp-image-4742\" alt=\"\" srcset=\"https:\/\/i0.wp.com\/toppenafdanmark.dk\/wp-content\/uploads\/2025\/08\/1024x1024-First-Camp-Grenen-view-over-plads.webp?w=1024&amp;ssl=1 1024w, https:\/\/i0.wp.com\/toppenafdanmark.dk\/wp-content\/uploads\/2025\/08\/1024x1024-First-Camp-Grenen-view-over-plads.webp?resize=300%2C300&amp;ssl=1 300w, https:\/\/i0.wp.com\/toppenafdanmark.dk\/wp-content\/uploads\/2025\/08\/1024x1024-First-Camp-Grenen-view-over-plads.webp?resize=150%2C150&amp;ssl=1 150w, https:\/\/i0.wp.com\/toppenafdanmark.dk\/wp-content\/uploads\/2025\/08\/1024x1024-First-Camp-Grenen-view-over-plads.webp?resize=768%2C768&amp;ssl=1 768w, https:\/\/i0.wp.com\/toppenafdanmark.dk\/wp-content\/uploads\/2025\/08\/1024x1024-First-Camp-Grenen-view-over-plads.webp?resize=12%2C12&amp;ssl=1 12w\" sizes=\"(max-width: 800px) 100vw, 800px\" \/>\t\t\t\t\t\t\t\t\t\t\t\t\t\t\t<\/div>\n\t\t\t\t<\/div>\n\t\t\t\t\t<\/div>\n\t\t<\/div>\n\t\t\t\t\t<\/div>\n\t\t<\/section>\n\t\t\t\t<div class=\"elementor-element elementor-element-5b43c648 elementor-widget elementor-widget-text-editor\" data-id=\"5b43c648\" data-element_type=\"widget\" data-e-type=\"widget\" data-widget_type=\"text-editor.default\">\n\t\t\t\t<div class=\"elementor-widget-container\">\n\t\t\t\t\t\t\t\t\t<h4>Comfort, facilities and flexible accommodation options<\/h4><p>First Camp Grenen Strand offers pitches for tents, caravans and motorhomes as well as cosy cabins for those who want a little extra luxury. The campsite has modern service buildings with kitchen, shower and laundry facilities, a well-stocked shop and the option to bring your dog on holiday. Families with children can enjoy playgrounds, mini golf and green areas, while adults can enjoy cosy barbecue areas and a relaxed atmosphere. The staff are always on hand with advice on what to do and the size of the campsite means there's plenty of space for everyone - even in high season.<\/p><p>The combination of modern facilities, friendly service and proximity to both nature and culture makes First Camp Grenen Strand an ideal destination for a holiday where you can relax, be active and experience the best of Skagen.<\/p>\t\t\t\t\t\t\t\t<\/div>\n\t\t\t\t<\/div>\n\t\t\t\t<div class=\"elementor-element elementor-element-53678062 elementor-widget-divider--view-line elementor-widget elementor-widget-divider\" data-id=\"53678062\" data-element_type=\"widget\" data-e-type=\"widget\" data-widget_type=\"divider.default\">\n\t\t\t\t<div class=\"elementor-widget-container\">\n\t\t\t\t\t\t\t<div class=\"elementor-divider\">\n\t\t\t<span class=\"elementor-divider-separator\">\n\t\t\t\t\t\t<\/span>\n\t\t<\/div>\n\t\t\t\t\t\t<\/div>\n\t\t\t\t<\/div>\n\t\t\t\t<div class=\"elementor-element elementor-element-3ae92003 elementor-widget elementor-widget-text-editor\" data-id=\"3ae92003\" data-element_type=\"widget\" data-e-type=\"widget\" data-widget_type=\"text-editor.default\">\n\t\t\t\t<div class=\"elementor-widget-container\">\n\t\t\t\t\t\t\t\t\t<p>First Camp Grenen Strand | Fyrvej 16 | 9990 Skagen | +45 63 60 63 61 | <a title=\"First Camp Grenen Strand\" href=\"https:\/\/firstcamp.dk\/destinationer\/grenen-strand-skagen\" target=\"_blank\" rel=\"noopener\">www.grenen-strand-skagen<\/a><\/p>\t\t\t\t\t\t\t\t<\/div>\n\t\t\t\t<\/div>\n\t\t\t\t\t<\/div>\n\t\t<\/div>\n\t\t\t\t\t<\/div>\n\t\t<\/section>\n\t\t<div class=\"elementor-element elementor-element-2473c123 e-flex e-con-boxed e-con e-parent\" data-id=\"2473c123\" data-element_type=\"container\" data-e-type=\"container\">\n\t\t\t\t\t<div class=\"e-con-inner\">\n\t\t\t\t<div class=\"elementor-element elementor-element-2e9fb2d6 elementor-widget elementor-widget-gallery\" data-id=\"2e9fb2d6\" data-element_type=\"widget\" data-e-type=\"widget\" data-settings=\"{&quot;gallery_layout&quot;:&quot;masonry&quot;,&quot;lazyload&quot;:&quot;yes&quot;,&quot;columns&quot;:4,&quot;columns_tablet&quot;:2,&quot;columns_mobile&quot;:1,&quot;gap&quot;:{&quot;unit&quot;:&quot;px&quot;,&quot;size&quot;:10,&quot;sizes&quot;:[]},&quot;gap_tablet&quot;:{&quot;unit&quot;:&quot;px&quot;,&quot;size&quot;:10,&quot;sizes&quot;:[]},&quot;gap_mobile&quot;:{&quot;unit&quot;:&quot;px&quot;,&quot;size&quot;:10,&quot;sizes&quot;:[]},&quot;link_to&quot;:&quot;file&quot;,&quot;overlay_background&quot;:&quot;yes&quot;,&quot;content_hover_animation&quot;:&quot;fade-in&quot;}\" data-widget_type=\"gallery.default\">\n\t\t\t\t<div class=\"elementor-widget-container\">\n\t\t\t\t\t\t\t<div class=\"elementor-gallery__container\">\n\t\t\t\t\t\t\t<a class=\"e-gallery-item elementor-gallery-item elementor-animated-content\" href=\"https:\/\/i0.wp.com\/toppenafdanmark.dk\/wp-content\/uploads\/2025\/08\/300x300-First-Camp-Grenen-reception-kanin.webp?fit=300%2C300&#038;ssl=1\" data-elementor-open-lightbox=\"yes\" data-elementor-lightbox-slideshow=\"2e9fb2d6\" data-elementor-lightbox-title=\"300x300 First Camp Grenen reception kanin\" data-e-action-hash=\"#elementor-action%3Aaction%3Dlightbox%26settings%3DeyJpZCI6NDcyNywidXJsIjoiaHR0cHM6XC9cL3RvcHBlbmFmZGFubWFyay5ka1wvd3AtY29udGVudFwvdXBsb2Fkc1wvMjAyNVwvMDhcLzMwMHgzMDAtRmlyc3QtQ2FtcC1HcmVuZW4tcmVjZXB0aW9uLWthbmluLndlYnAiLCJzbGlkZXNob3ciOiIyZTlmYjJkNiJ9\">\n\t\t\t\t\t<div class=\"e-gallery-image elementor-gallery-item__image\" data-thumbnail=\"https:\/\/i0.wp.com\/toppenafdanmark.dk\/wp-content\/uploads\/2025\/08\/300x300-First-Camp-Grenen-reception-kanin.webp?fit=300%2C300&amp;ssl=1\" data-width=\"300\" data-height=\"300\" aria-label=\"\" role=\"img\" ><\/div>\n\t\t\t\t\t\t\t\t\t\t\t<div class=\"elementor-gallery-item__overlay\"><\/div>\n\t\t\t\t\t\t\t\t\t\t\t\t\t\t<\/a>\n\t\t\t\t\t\t\t<a class=\"e-gallery-item elementor-gallery-item elementor-animated-content\" href=\"https:\/\/i0.wp.com\/toppenafdanmark.dk\/wp-content\/uploads\/2025\/08\/300x300-First-Camp-Skagen-pladsen.webp?fit=300%2C300&#038;ssl=1\" data-elementor-open-lightbox=\"yes\" data-elementor-lightbox-slideshow=\"2e9fb2d6\" data-elementor-lightbox-title=\"300x300 First Camp Skagen pladsen\" data-e-action-hash=\"#elementor-action%3Aaction%3Dlightbox%26settings%3DeyJpZCI6NDcyOCwidXJsIjoiaHR0cHM6XC9cL3RvcHBlbmFmZGFubWFyay5ka1wvd3AtY29udGVudFwvdXBsb2Fkc1wvMjAyNVwvMDhcLzMwMHgzMDAtRmlyc3QtQ2FtcC1Ta2FnZW4tcGxhZHNlbi53ZWJwIiwic2xpZGVzaG93IjoiMmU5ZmIyZDYifQ%3D%3D\">\n\t\t\t\t\t<div class=\"e-gallery-image elementor-gallery-item__image\" data-thumbnail=\"https:\/\/i0.wp.com\/toppenafdanmark.dk\/wp-content\/uploads\/2025\/08\/300x300-First-Camp-Skagen-pladsen.webp?fit=300%2C300&amp;ssl=1\" data-width=\"300\" data-height=\"300\" aria-label=\"\" role=\"img\" ><\/div>\n\t\t\t\t\t\t\t\t\t\t\t<div class=\"elementor-gallery-item__overlay\"><\/div>\n\t\t\t\t\t\t\t\t\t\t\t\t\t\t<\/a>\n\t\t\t\t\t\t\t<a class=\"e-gallery-item elementor-gallery-item elementor-animated-content\" href=\"https:\/\/i0.wp.com\/toppenafdanmark.dk\/wp-content\/uploads\/2025\/08\/300x300-First-Camp-Skagen-dronebillede.webp?fit=300%2C300&#038;ssl=1\" data-elementor-open-lightbox=\"yes\" data-elementor-lightbox-slideshow=\"2e9fb2d6\" data-elementor-lightbox-title=\"300x300 First Camp Skagen dronebillede\" data-e-action-hash=\"#elementor-action%3Aaction%3Dlightbox%26settings%3DeyJpZCI6NDcyOSwidXJsIjoiaHR0cHM6XC9cL3RvcHBlbmFmZGFubWFyay5ka1wvd3AtY29udGVudFwvdXBsb2Fkc1wvMjAyNVwvMDhcLzMwMHgzMDAtRmlyc3QtQ2FtcC1Ta2FnZW4tZHJvbmViaWxsZWRlLndlYnAiLCJzbGlkZXNob3ciOiIyZTlmYjJkNiJ9\">\n\t\t\t\t\t<div class=\"e-gallery-image elementor-gallery-item__image\" data-thumbnail=\"https:\/\/i0.wp.com\/toppenafdanmark.dk\/wp-content\/uploads\/2025\/08\/300x300-First-Camp-Skagen-dronebillede.webp?fit=300%2C300&amp;ssl=1\" data-width=\"300\" data-height=\"300\" aria-label=\"\" role=\"img\" ><\/div>\n\t\t\t\t\t\t\t\t\t\t\t<div class=\"elementor-gallery-item__overlay\"><\/div>\n\t\t\t\t\t\t\t\t\t\t\t\t\t\t<\/a>\n\t\t\t\t\t\t\t<a class=\"e-gallery-item elementor-gallery-item elementor-animated-content\" href=\"https:\/\/i0.wp.com\/toppenafdanmark.dk\/wp-content\/uploads\/2025\/08\/300x300-First-Camp-Skagen-familiehygge.webp?fit=300%2C300&#038;ssl=1\" data-elementor-open-lightbox=\"yes\" data-elementor-lightbox-slideshow=\"2e9fb2d6\" data-elementor-lightbox-title=\"300x300 First Camp Skagen familiehygge\" data-e-action-hash=\"#elementor-action%3Aaction%3Dlightbox%26settings%3DeyJpZCI6NDczMCwidXJsIjoiaHR0cHM6XC9cL3RvcHBlbmFmZGFubWFyay5ka1wvd3AtY29udGVudFwvdXBsb2Fkc1wvMjAyNVwvMDhcLzMwMHgzMDAtRmlyc3QtQ2FtcC1Ta2FnZW4tZmFtaWxpZWh5Z2dlLndlYnAiLCJzbGlkZXNob3ciOiIyZTlmYjJkNiJ9\">\n\t\t\t\t\t<div class=\"e-gallery-image elementor-gallery-item__image\" data-thumbnail=\"https:\/\/i0.wp.com\/toppenafdanmark.dk\/wp-content\/uploads\/2025\/08\/300x300-First-Camp-Skagen-familiehygge.webp?fit=300%2C300&amp;ssl=1\" data-width=\"300\" data-height=\"300\" aria-label=\"\" role=\"img\" ><\/div>\n\t\t\t\t\t\t\t\t\t\t\t<div class=\"elementor-gallery-item__overlay\"><\/div>\n\t\t\t\t\t\t\t\t\t\t\t\t\t\t<\/a>\n\t\t\t\t\t\t\t<a class=\"e-gallery-item elementor-gallery-item elementor-animated-content\" href=\"https:\/\/i0.wp.com\/toppenafdanmark.dk\/wp-content\/uploads\/2025\/08\/300x300-First-Camp-Grenen-hytter-set-udefra.webp?fit=300%2C300&#038;ssl=1\" data-elementor-open-lightbox=\"yes\" data-elementor-lightbox-slideshow=\"2e9fb2d6\" data-elementor-lightbox-title=\"300x300 First Camp Grenen hytter set udefra\" data-e-action-hash=\"#elementor-action%3Aaction%3Dlightbox%26settings%3DeyJpZCI6NDczMSwidXJsIjoiaHR0cHM6XC9cL3RvcHBlbmFmZGFubWFyay5ka1wvd3AtY29udGVudFwvdXBsb2Fkc1wvMjAyNVwvMDhcLzMwMHgzMDAtRmlyc3QtQ2FtcC1HcmVuZW4taHl0dGVyLXNldC11ZGVmcmEud2VicCIsInNsaWRlc2hvdyI6IjJlOWZiMmQ2In0%3D\">\n\t\t\t\t\t<div class=\"e-gallery-image elementor-gallery-item__image\" data-thumbnail=\"https:\/\/i0.wp.com\/toppenafdanmark.dk\/wp-content\/uploads\/2025\/08\/300x300-First-Camp-Grenen-hytter-set-udefra.webp?fit=300%2C300&amp;ssl=1\" data-width=\"300\" data-height=\"300\" aria-label=\"\" role=\"img\" ><\/div>\n\t\t\t\t\t\t\t\t\t\t\t<div class=\"elementor-gallery-item__overlay\"><\/div>\n\t\t\t\t\t\t\t\t\t\t\t\t\t\t<\/a>\n\t\t\t\t\t\t\t<a class=\"e-gallery-item elementor-gallery-item elementor-animated-content\" href=\"https:\/\/i0.wp.com\/toppenafdanmark.dk\/wp-content\/uploads\/2025\/08\/300x300-First-Camp-Grenen-hytte-indendoers.webp?fit=300%2C300&#038;ssl=1\" data-elementor-open-lightbox=\"yes\" data-elementor-lightbox-slideshow=\"2e9fb2d6\" data-elementor-lightbox-title=\"300x300 First Camp Grenen hytte indend\u00f8rs\" data-e-action-hash=\"#elementor-action%3Aaction%3Dlightbox%26settings%3DeyJpZCI6NDczMiwidXJsIjoiaHR0cHM6XC9cL3RvcHBlbmFmZGFubWFyay5ka1wvd3AtY29udGVudFwvdXBsb2Fkc1wvMjAyNVwvMDhcLzMwMHgzMDAtRmlyc3QtQ2FtcC1HcmVuZW4taHl0dGUtaW5kZW5kb2Vycy53ZWJwIiwic2xpZGVzaG93IjoiMmU5ZmIyZDYifQ%3D%3D\">\n\t\t\t\t\t<div class=\"e-gallery-image elementor-gallery-item__image\" data-thumbnail=\"https:\/\/i0.wp.com\/toppenafdanmark.dk\/wp-content\/uploads\/2025\/08\/300x300-First-Camp-Grenen-hytte-indendoers.webp?fit=300%2C300&amp;ssl=1\" data-width=\"300\" data-height=\"300\" aria-label=\"\" role=\"img\" ><\/div>\n\t\t\t\t\t\t\t\t\t\t\t<div class=\"elementor-gallery-item__overlay\"><\/div>\n\t\t\t\t\t\t\t\t\t\t\t\t\t\t<\/a>\n\t\t\t\t\t\t\t<a class=\"e-gallery-item elementor-gallery-item elementor-animated-content\" href=\"https:\/\/i0.wp.com\/toppenafdanmark.dk\/wp-content\/uploads\/2025\/08\/300x300-First-Camp-Grenen-pladsen.webp?fit=300%2C300&#038;ssl=1\" data-elementor-open-lightbox=\"yes\" data-elementor-lightbox-slideshow=\"2e9fb2d6\" data-elementor-lightbox-title=\"300x300 First Camp Grenen pladsen\" data-e-action-hash=\"#elementor-action%3Aaction%3Dlightbox%26settings%3DeyJpZCI6NDczNCwidXJsIjoiaHR0cHM6XC9cL3RvcHBlbmFmZGFubWFyay5ka1wvd3AtY29udGVudFwvdXBsb2Fkc1wvMjAyNVwvMDhcLzMwMHgzMDAtRmlyc3QtQ2FtcC1HcmVuZW4tcGxhZHNlbi53ZWJwIiwic2xpZGVzaG93IjoiMmU5ZmIyZDYifQ%3D%3D\">\n\t\t\t\t\t<div class=\"e-gallery-image elementor-gallery-item__image\" data-thumbnail=\"https:\/\/i0.wp.com\/toppenafdanmark.dk\/wp-content\/uploads\/2025\/08\/300x300-First-Camp-Grenen-pladsen.webp?fit=300%2C300&amp;ssl=1\" data-width=\"300\" data-height=\"300\" aria-label=\"\" role=\"img\" ><\/div>\n\t\t\t\t\t\t\t\t\t\t\t<div class=\"elementor-gallery-item__overlay\"><\/div>\n\t\t\t\t\t\t\t\t\t\t\t\t\t\t<\/a>\n\t\t\t\t\t\t\t<a class=\"e-gallery-item elementor-gallery-item elementor-animated-content\" href=\"https:\/\/i0.wp.com\/toppenafdanmark.dk\/wp-content\/uploads\/2025\/08\/300x300-First-Camp-Grenen-par-drikker-vin.webp?fit=300%2C300&#038;ssl=1\" data-elementor-open-lightbox=\"yes\" data-elementor-lightbox-slideshow=\"2e9fb2d6\" data-elementor-lightbox-title=\"300x300 First Camp Grenen par drikker vin\" data-e-action-hash=\"#elementor-action%3Aaction%3Dlightbox%26settings%3DeyJpZCI6NDczNSwidXJsIjoiaHR0cHM6XC9cL3RvcHBlbmFmZGFubWFyay5ka1wvd3AtY29udGVudFwvdXBsb2Fkc1wvMjAyNVwvMDhcLzMwMHgzMDAtRmlyc3QtQ2FtcC1HcmVuZW4tcGFyLWRyaWtrZXItdmluLndlYnAiLCJzbGlkZXNob3ciOiIyZTlmYjJkNiJ9\">\n\t\t\t\t\t<div class=\"e-gallery-image elementor-gallery-item__image\" data-thumbnail=\"https:\/\/i0.wp.com\/toppenafdanmark.dk\/wp-content\/uploads\/2025\/08\/300x300-First-Camp-Grenen-par-drikker-vin.webp?fit=300%2C300&amp;ssl=1\" data-width=\"300\" data-height=\"300\" aria-label=\"\" role=\"img\" ><\/div>\n\t\t\t\t\t\t\t\t\t\t\t<div class=\"elementor-gallery-item__overlay\"><\/div>\n\t\t\t\t\t\t\t\t\t\t\t\t\t\t<\/a>\n\t\t\t\t\t<\/div>\n\t\t\t\t\t<\/div>\n\t\t\t\t<\/div>\n\t\t\t\t\t<\/div>\n\t\t\t\t<\/div>\n\t\t\t\t<\/div>","protected":false},"excerpt":{"rendered":"<p>First Camp Grenen Strand Naturlig beliggenhed t\u00e6t p\u00e5 Skagen og Grenen First Camp Grenen Strand er placeret i hjertet af den nordjyske natur, kun f\u00e5 minutter fra Skagens charmerende byliv [&hellip;]<\/p>\n","protected":false},"author":266444215,"featured_media":4722,"parent":0,"menu_order":0,"comment_status":"closed","ping_status":"closed","template":"","meta":{"_crdt_document":"","footnotes":""},"folder":[1386],"class_list":["post-4719","page","type-page","status-publish","has-post-thumbnail","hentry"],"jetpack_sharing_enabled":true,"jetpack_shortlink":"https:\/\/wp.me\/PgDlef-1e7","_links":{"self":[{"href":"https:\/\/toppenafdanmark.dk\/en\/wp-json\/wp\/v2\/pages\/4719","targetHints":{"allow":["GET"]}}],"collection":[{"href":"https:\/\/toppenafdanmark.dk\/en\/wp-json\/wp\/v2\/pages"}],"about":[{"href":"https:\/\/toppenafdanmark.dk\/en\/wp-json\/wp\/v2\/types\/page"}],"author":[{"embeddable":true,"href":"https:\/\/toppenafdanmark.dk\/en\/wp-json\/wp\/v2\/users\/266444215"}],"replies":[{"embeddable":true,"href":"https:\/\/toppenafdanmark.dk\/en\/wp-json\/wp\/v2\/comments?post=4719"}],"version-history":[{"count":11,"href":"https:\/\/toppenafdanmark.dk\/en\/wp-json\/wp\/v2\/pages\/4719\/revisions"}],"predecessor-version":[{"id":4888,"href":"https:\/\/toppenafdanmark.dk\/en\/wp-json\/wp\/v2\/pages\/4719\/revisions\/4888"}],"wp:featuredmedia":[{"embeddable":true,"href":"https:\/\/toppenafdanmark.dk\/en\/wp-json\/wp\/v2\/media\/4722"}],"wp:attachment":[{"href":"https:\/\/toppenafdanmark.dk\/en\/wp-json\/wp\/v2\/media?parent=4719"}],"wp:term":[{"taxonomy":"folder","embeddable":true,"href":"https:\/\/toppenafdanmark.dk\/en\/wp-json\/wp\/v2\/folder?post=4719"}],"curies":[{"name":"wp","href":"https:\/\/api.w.org\/{rel}","templated":true}]}}